{"id":82,"date":"2024-04-08T11:03:59","date_gmt":"2024-04-08T09:03:59","guid":{"rendered":"https:\/\/www.zentrum-im-sein.at\/?page_id=82"},"modified":"2026-07-30T10:41:49","modified_gmt":"2026-07-30T08:41:49","slug":"formate","status":"publish","type":"page","link":"https:\/\/www.zentrum-im-sein.at\/?page_id=82","title":{"rendered":"Formate"},"content":{"rendered":"\n<h2 class=\"wp-block-heading\" style=\"line-height:2\">Jahreszeitenfeste &#8211; Feiere die Lebendigkeit<\/h2>\n\n\n\n<p class=\"has-text-align-center wp-block-paragraph\">\u00dcber einen Zeitraum von zwei bis drei Tagen und ein bis zwei N\u00e4chten sind wir im Naturraum unterwegs, schlafen unter einem Tarp (an manchen Orten auch drinnen m\u00f6glich), kochen \u00fcber Feuer, st\u00e4rken unsere Verbindung zu den Elementen, lauschen und antworten wir, entdecken Altes und Neues, erinnern, visionieren und verankern die eigene (Neu-) Ausrichtung k\u00f6rperlich im Tun.<br>Ein Raum zum miteinander Sein (f\u00fcr 3 -12 Teilnehmer*innen) tut sich auf, in dem Geschichten und Erfahrungen geteilt, Freunde und Freundinnen begr\u00fc\u00dft werden.<br>Gew\u00e4rmt und gen\u00e4hrt, vom Feuer, gehalten, getragen von der Erde, gekl\u00e4rt, durchsp\u00fclt von den Wassern, durchweht und neu ausgerichtet von den L\u00fcften.<\/p>\n\n\n<div class=\"wp-block-image\">\n<figure class=\"aligncenter size-large is-resized\"><img loading=\"lazy\" decoding=\"async\" width=\"768\" height=\"1024\" src=\"https:\/\/www.zentrum-im-sein.at\/wp-content\/uploads\/2024\/03\/20230811_tempo-768x1024.jpg\" alt=\"\" class=\"wp-image-100\" style=\"width:582px;height:auto\" srcset=\"https:\/\/www.zentrum-im-sein.at\/wp-content\/uploads\/2024\/03\/20230811_tempo-768x1024.jpg 768w, https:\/\/www.zentrum-im-sein.at\/wp-content\/uploads\/2024\/03\/20230811_tempo-225x300.jpg 225w, https:\/\/www.zentrum-im-sein.at\/wp-content\/uploads\/2024\/03\/20230811_tempo-1152x1536.jpg 1152w, https:\/\/www.zentrum-im-sein.at\/wp-content\/uploads\/2024\/03\/20230811_tempo.jpg 1500w\" sizes=\"auto, (max-width: 706px) 89vw, (max-width: 767px) 82vw, 740px\" \/><\/figure>\n<\/div>\n\n\n<h3 class=\"wp-block-heading\">Termine &#8211; Beitr\u00e4ge 2026<\/h3>\n\n\n\n<p class=\"has-text-align-center wp-block-paragraph\"><strong>Fr\u00fchlingsbeginn &#8211; Fest der neuen Wege<\/strong><br>Fr 27. 03., 14.00 bis Sa 28. 03., 17.00 Uhr<br>170 -220.-\u20ac (Fr\u00fchbucher bis 13. 03. \u2053 160.-\u20ac) *<\/p>\n\n\n\n<p class=\"has-text-align-center wp-block-paragraph\"><strong>Sommersonnenwende &#8211; Fest der Herzensw\u00e4rme<\/strong><br>Fr 19. 06., 15.00 bis So 21. 06., 16.00 Uhr<br>250 &#8211; 300.-\u20ac (Fr\u00fchbucher bis 06. 06. \u2053 240.-\u20ac) *<\/p>\n\n\n\n<p class=\"has-text-align-center wp-block-paragraph\"><strong>N\u00e4hrender Herbst \u2013 Fest der F\u00fclle und des Danks<\/strong><br>Fr 18. 09., 15.00 Uhr bis So 20. 09., 16.00 Uhr<br>250 -300.-\u20ac (Fr\u00fchbucher bis 05. 09. \u2053 240.-\u20ac) *<\/p>\n\n\n\n<p class=\"has-text-align-center wp-block-paragraph\"><strong>Wintersonnenwende \u2013 Innenschau und Neuausrichtung<\/strong><br>Sa 19. 12., 14.00 Uhr bis So 20. 12., 17.00 Uhr<br>150 &#8211; 200.-\u20ac (Fr\u00fchbucher bis 06. 12. \u2053 140.-\u20ac) *<\/p>\n\n\n\n<p class=\"wp-block-paragraph\">Wir kochen gemeinsam biologisch (soweit m\u00f6glich) \u00fcber Feuer.<\/p>\n\n\n\n<p class=\"wp-block-paragraph\">* Dazu kommen anteilsm\u00e4\u00dfig die Verpfelgungskosten sowie \u00dcbernachtungen.<br>Schlafen drau\u00dfen mit eigener Ausr\u00fcstung 25.-\u20ac pro Nacht.<br>Schlafen drinnen ( Kosten je nach Quartier).<br>Eine verbindliche Anmeldung ist m\u00f6glich bis eine Woche vor dem jeweiligen Jahreszeitenfest.<br>Die H\u00f6he des Beitrags im angegebenen Rahmen zahlst du nach Selbsteinsch\u00e4tzung deiner finanziellen M\u00f6glichkeiten.<br>Wenn du Fragen hast, melde dich gerne!<\/p>\n\n\n\n<h2 class=\"wp-block-heading\">Feuerdialogkreis &#8211; Feuerkreisdialog<\/h2>\n\n\n\n<p class=\"wp-block-paragraph\">Wir treten in einen offenen Herzensdialog rund um ein geschichtetes Feuer, das wir gemeinsam entz\u00fcnden, sp\u00fcren nach, wie wir da sind, wer sonst noch da ist.<br>Pr\u00e4sent im Jetzt ent\u00adsteht ein Dialog. Wir lauschen, geben Antwort und so kann Neues auftauchen.<br>Bitte Sitzunterlage, Tasse, ggf. Stirnlampe mitnehmen.<\/p>\n\n\n\n<p class=\"wp-block-paragraph\">Uhrzeit ist 19.00 -21.00Uhr falls nicht anders angegeben.<br>Die Orte wechseln und werden bei der Anmeldung bekannt gegeben.<\/p>\n\n\n\n<div class=\"wp-block-group is-horizontal is-content-justification-left is-nowrap is-layout-flex wp-container-core-group-is-layout-72ebc398 wp-block-group-is-layout-flex\">\n<figure class=\"wp-block-image size-large is-resized\"><img loading=\"lazy\" decoding=\"async\" width=\"940\" height=\"1024\" src=\"https:\/\/www.zentrum-im-sein.at\/wp-content\/uploads\/2024\/03\/2023-06-24_Feuer_kanne2-940x1024.jpg\" alt=\"\" class=\"wp-image-94\" style=\"aspect-ratio:1;object-fit:cover;width:480px\" srcset=\"https:\/\/www.zentrum-im-sein.at\/wp-content\/uploads\/2024\/03\/2023-06-24_Feuer_kanne2-940x1024.jpg 940w, https:\/\/www.zentrum-im-sein.at\/wp-content\/uploads\/2024\/03\/2023-06-24_Feuer_kanne2-275x300.jpg 275w, https:\/\/www.zentrum-im-sein.at\/wp-content\/uploads\/2024\/03\/2023-06-24_Feuer_kanne2-768x837.jpg 768w, https:\/\/www.zentrum-im-sein.at\/wp-content\/uploads\/2024\/03\/2023-06-24_Feuer_kanne2-1409x1536.jpg 1409w, https:\/\/www.zentrum-im-sein.at\/wp-content\/uploads\/2024\/03\/2023-06-24_Feuer_kanne2.jpg 1536w\" sizes=\"auto, (max-width: 706px) 89vw, (max-width: 767px) 82vw, 740px\" \/><\/figure>\n\n\n\n<div class=\"wp-block-group has-large-font-size wp-container-content-9cfa9a5a\"><div class=\"wp-block-group__inner-container is-layout-constrained wp-block-group-is-layout-constrained\">\n<h2 class=\"wp-block-heading has-text-align-right\">Termine 2026<\/h2>\n\n\n\n<p class=\"has-text-align-right wp-block-paragraph\" style=\"font-size:16px\"><\/p>\n\n\n\n<p class=\"has-text-align-right wp-block-paragraph\" style=\"font-size:16px\">Mittwoch 07.01.<br>Montag 02.02.<br>Freitag 06.03.<br>Donnerstag 02.04.<br>Montag 04.05.<br>Mittwoch 01.07.<br>Mittwoch 29.07.<br><em>Fr 28.08.<\/em>-><strong>Mo 31.08.<\/strong><br><em>Fr 25.09.<\/em>-> <strong>Mi 23.09.<\/strong><br>Dienstag 27.10.<br>Montag 23.11.<br><\/p>\n\n\n\n<p class=\"has-text-align-right wp-block-paragraph\" style=\"font-size:16px\">Beitrag: 15-25.-\u20ac<\/p>\n<\/div><\/div>\n<\/div>\n\n\n\n<p class=\"wp-block-paragraph\"><\/p>\n\n\n\n<h2 class=\"wp-block-heading\"> Systemische Naturtherapie<br> Einzelbegleitung \/ Gruppenbegleitung (bis zu f\u00fcnf Personen) <\/h2>\n\n\n\n<p class=\"wp-block-paragraph\">Bei einem ersten Kennenlernen, vorzugsweise im Gehen drau\u00dfen, kl\u00e4ren wir Anliegen und Rahmen.<br>Je nach Vereinbarung findet die Begleitung, stunden- bis tageweise, \u00fcberwiegend in Naturr\u00e4umen statt. Wir lassen uns in den Naturraum rufen und gehen gemeinsam Schritt f\u00fcr Schritt ins Neue.<\/p>\n\n\n\n<p class=\"wp-block-paragraph\">Beitrag:<br>\u0298 pro Einheit (60-90 Minuten): 80.- bis 120.- \u20ac pro Person<br>\u0298 eine Nacht, ein Tag (24Std): 280.-\u20ac pro Person<br>\u0298 zwei N\u00e4chte, zwei Tage (48 Std): 390.-\u20ac pro Person<br>\u0298 dazu kommen ggf. Verpflegung, Reisekostenbeteiligung<\/p>\n\n\n<div class=\"wp-block-image\">\n<figure class=\"aligncenter size-large is-resized\"><img loading=\"lazy\" decoding=\"async\" width=\"1024\" height=\"768\" src=\"https:\/\/www.zentrum-im-sein.at\/wp-content\/uploads\/2024\/03\/20230914_frauenmantel-1024x768.jpg\" alt=\"\" class=\"wp-image-85\" style=\"width:583px;height:auto\" srcset=\"https:\/\/www.zentrum-im-sein.at\/wp-content\/uploads\/2024\/03\/20230914_frauenmantel-1024x768.jpg 1024w, https:\/\/www.zentrum-im-sein.at\/wp-content\/uploads\/2024\/03\/20230914_frauenmantel-300x225.jpg 300w, https:\/\/www.zentrum-im-sein.at\/wp-content\/uploads\/2024\/03\/20230914_frauenmantel-768x576.jpg 768w, https:\/\/www.zentrum-im-sein.at\/wp-content\/uploads\/2024\/03\/20230914_frauenmantel-1536x1152.jpg 1536w, https:\/\/www.zentrum-im-sein.at\/wp-content\/uploads\/2024\/03\/20230914_frauenmantel-2048x1536.jpg 2048w\" sizes=\"auto, (max-width: 706px) 89vw, (max-width: 767px) 82vw, 740px\" \/><\/figure>\n<\/div>\n\n\n<p class=\"wp-block-paragraph\"><\/p>\n\n\n\n<h2 class=\"wp-block-heading\">Energetisches Arbeiten in Wohnungen, in H\u00e4usern<\/h2>\n\n\n\n<p class=\"wp-block-paragraph\">Manche Menschen sp\u00fcren, wenn in ihrem Wohnumfeld \u201eenergetische Unordnung\u201c auf sie wirkt.<\/p>\n\n\n\n<p class=\"wp-block-paragraph\">Durch Hinwendung zu dem, was ist, mit Klang, R\u00e4ucherungen, Naturmaterialien kann ein Jedes an den angemessenen Platz kommen und sich die Atmosph\u00e4re kl\u00e4ren.<\/p>\n\n\n\n<p class=\"wp-block-paragraph\">Beitrag je nach Anliegen und Vereinbarung.<\/p>\n\n\n<div class=\"wp-block-image is-style-rounded\">\n<figure class=\"aligncenter size-large is-resized\"><img loading=\"lazy\" decoding=\"async\" width=\"1024\" height=\"831\" src=\"https:\/\/www.zentrum-im-sein.at\/wp-content\/uploads\/2024\/03\/20230428_Glut-2-1024x831.jpg\" alt=\"\" class=\"wp-image-113\" style=\"aspect-ratio:1;object-fit:cover;width:632px;height:auto\" srcset=\"https:\/\/www.zentrum-im-sein.at\/wp-content\/uploads\/2024\/03\/20230428_Glut-2-1024x831.jpg 1024w, https:\/\/www.zentrum-im-sein.at\/wp-content\/uploads\/2024\/03\/20230428_Glut-2-300x244.jpg 300w, https:\/\/www.zentrum-im-sein.at\/wp-content\/uploads\/2024\/03\/20230428_Glut-2-768x623.jpg 768w, https:\/\/www.zentrum-im-sein.at\/wp-content\/uploads\/2024\/03\/20230428_Glut-2-1536x1247.jpg 1536w, https:\/\/www.zentrum-im-sein.at\/wp-content\/uploads\/2024\/03\/20230428_Glut-2.jpg 1848w\" sizes=\"auto, (max-width: 706px) 89vw, (max-width: 767px) 82vw, 740px\" \/><\/figure>\n<\/div>\n\n\n<h2 class=\"wp-block-heading\"><a href=\"https:\/\/www.du-bist-das-meer.at\/\" target=\"_blank\" rel=\"noreferrer noopener\">Craniosacrale Arbeit<\/a><\/h2>\n\n\n\n<p class=\"has-text-align-left wp-block-paragraph\">Verk\u00f6rperung (Embodiment) hei\u00dft ANKOMMEN hier in diesem K\u00f6rper, in diesem Augenblick. Wahrnehmen und Annehmen was ist auf k\u00f6rperlicher, psychischer, seelischer Ebene.<br>Verk\u00f6rperung ist die Empfindung im JETZT von sinnerf\u00fcllter, pulsierender, liebender Lebendigkeit, sp\u00fcrbar in jeder einzelnen K\u00f6rperzelle, wissend, angebunden zu sein, an den Ursprung.<br>Das ist die Orientierung. Altes, das gehen soll, darf gehen, das, was sich wandeln und integrieren will, nimmt neu Platz.<br>Das Alte, das wir als Ballast mit uns tragen, sind oftmals Emotionen, die mit Ahnengeschichten oder Glaubenss\u00e4tzen zu tun haben, die, ebenso wie erlebte Unf\u00e4lle, Traumen, andere Verletzungen oder Krankheiten, Spuren im K\u00f6rper hinterlassen haben.<br>Das Neue ist Leichtigkeit, Liebe, Lebensfreude, die Ausrichtung vom \u201eIch\u201c zum \u201eWir\u201c zum \u201eUns\u201c und mehr. F\u00fcr einen Wandel ist die k\u00f6rperliche Gewissheit n\u00f6tig, gut gehalten, sicher und ausreichend gen\u00e4hrt zu sein.<br>Sehr wohltuend spricht und wirkt der Naturraum auch bei dieser Arbeit.<br>So ist der Begegnungsraum auch f\u00fcr die craniosacrale Arbeit drau\u00dfen oder drinnen.<br>Mehr dazu findest du auf der Homepage <a href=\"https:\/\/www.du-bist-das-meer.at\/?page_id=704\">du bist das Meer<\/a>.<\/p>\n\n\n<div class=\"wp-block-image\">\n<figure class=\"aligncenter size-large is-resized\"><img loading=\"lazy\" decoding=\"async\" width=\"683\" height=\"1024\" src=\"https:\/\/www.zentrum-im-sein.at\/wp-content\/uploads\/2024\/03\/Cranio_Wald-683x1024.jpg\" alt=\"\" class=\"wp-image-86\" style=\"width:458px;height:auto\" srcset=\"https:\/\/www.zentrum-im-sein.at\/wp-content\/uploads\/2024\/03\/Cranio_Wald-683x1024.jpg 683w, https:\/\/www.zentrum-im-sein.at\/wp-content\/uploads\/2024\/03\/Cranio_Wald-200x300.jpg 200w, https:\/\/www.zentrum-im-sein.at\/wp-content\/uploads\/2024\/03\/Cranio_Wald-768x1152.jpg 768w, https:\/\/www.zentrum-im-sein.at\/wp-content\/uploads\/2024\/03\/Cranio_Wald-1024x1536.jpg 1024w, https:\/\/www.zentrum-im-sein.at\/wp-content\/uploads\/2024\/03\/Cranio_Wald-1365x2048.jpg 1365w, https:\/\/www.zentrum-im-sein.at\/wp-content\/uploads\/2024\/03\/Cranio_Wald-scaled.jpg 1707w\" sizes=\"auto, (max-width: 683px) 100vw, 683px\" \/><\/figure>\n<\/div>","protected":false},"excerpt":{"rendered":"<p>Jahreszeitenfeste &#8211; Feiere die Lebendigkeit \u00dcber einen Zeitraum von zwei bis drei Tagen und ein bis zwei N\u00e4chten sind wir im Naturraum unterwegs, schlafen unter einem Tarp (an manchen Orten auch drinnen m\u00f6glich), kochen \u00fcber Feuer, st\u00e4rken unsere Verbindung zu den Elementen, lauschen und antworten wir, entdecken Altes und Neues, erinnern, visionieren und verankern die &hellip; <\/p>\n<p class=\"link-more\"><a href=\"https:\/\/www.zentrum-im-sein.at\/?page_id=82\" class=\"more-link\"><span class=\"screen-reader-text\">\u201eFormate\u201c<\/span> weiterlesen<\/a><\/p>\n","protected":false},"author":1,"featured_media":0,"parent":0,"menu_order":0,"comment_status":"closed","ping_status":"closed","template":"","meta":{"footnotes":""},"class_list":["post-82","page","type-page","status-publish","hentry"],"_links":{"self":[{"href":"https:\/\/www.zentrum-im-sein.at\/index.php?rest_route=\/wp\/v2\/pages\/82","targetHints":{"allow":["GET"]}}],"collection":[{"href":"https:\/\/www.zentrum-im-sein.at\/index.php?rest_route=\/wp\/v2\/pages"}],"about":[{"href":"https:\/\/www.zentrum-im-sein.at\/index.php?rest_route=\/wp\/v2\/types\/page"}],"author":[{"embeddable":true,"href":"https:\/\/www.zentrum-im-sein.at\/index.php?rest_route=\/wp\/v2\/users\/1"}],"replies":[{"embeddable":true,"href":"https:\/\/www.zentrum-im-sein.at\/index.php?rest_route=%2Fwp%2Fv2%2Fcomments&post=82"}],"version-history":[{"count":72,"href":"https:\/\/www.zentrum-im-sein.at\/index.php?rest_route=\/wp\/v2\/pages\/82\/revisions"}],"predecessor-version":[{"id":908,"href":"https:\/\/www.zentrum-im-sein.at\/index.php?rest_route=\/wp\/v2\/pages\/82\/revisions\/908"}],"wp:attachment":[{"href":"https:\/\/www.zentrum-im-sein.at\/index.php?rest_route=%2Fwp%2Fv2%2Fmedia&parent=82"}],"curies":[{"name":"wp","href":"https:\/\/api.w.org\/{rel}","templated":true}]}}