{"id":12,"date":"2024-03-11T17:34:11","date_gmt":"2024-03-11T16:34:11","guid":{"rendered":"https:\/\/www.zentrum-im-sein.at\/?page_id=12"},"modified":"2026-06-29T18:15:28","modified_gmt":"2026-06-29T16:15:28","slug":"kontakt","status":"publish","type":"page","link":"https:\/\/www.zentrum-im-sein.at\/?page_id=12","title":{"rendered":"Kontakt     Impressum"},"content":{"rendered":"\n<h2 class=\"wp-block-heading\">Zentrum im Sein<\/h2>\n\n\n\n<p class=\"wp-block-paragraph\">Craniosacrale K\u00f6rperarbeit<br>Systemische Naturtherapie<br>prozess- und k\u00f6rperorientierte Energiearbeit<\/p>\n\n\n\n<p class=\"wp-block-paragraph\">Barbara W\u00f6rz<br>T: +43(0)699\/ 81228765<br>@: office(at)zentrum-im-sein.at<br>HP: www.zentrum-im-sein.at<\/p>\n\n\n\n<h2 class=\"wp-block-heading\">Orte<\/h2>\n\n\n\n<p class=\"wp-block-paragraph\"><strong>Praxis Haitzawinkel<\/strong><br>Haitzawinkel 11c\/1<br>3021 Pressbaum<\/p>\n\n\n\n<p class=\"wp-block-paragraph\"><strong>Praxis Grande<\/strong><br>Lindengasse 63\/St.3\/1. Stock<br>1070 Wien<\/p>\n\n\n\n<p class=\"wp-block-paragraph\"><strong>Suveda Institut<\/strong><br>Rechte Wienzeile 45\/2\/13<br>1050 Wien<\/p>\n\n\n\n<p class=\"wp-block-paragraph\"><\/p>\n\n\n\n<p class=\"wp-block-paragraph\">Gearbeitet wird au\u00dferdem <strong>in unterschiedlichen Naturr\u00e4umen<\/strong>.<br><strong>Hausbesuche <\/strong>sind nach Vereinbarung m\u00f6glich.<\/p>\n\n\n\n<h2 class=\"wp-block-heading\">Impressum<\/h2>\n\n\n\n<p class=\"wp-block-paragraph\">Barbara W\u00f6rz<br>Zentrum im Sein<br>Systemische Naturtherapie<br>Cranio Sacrale K\u00f6rperarbeit<br><br>Ein-Personen-Unternehmen<br>Mitglied der WK\u00d6, WKN\u00d6, pers\u00f6nliche Dienstleister<br>Berufsrecht: Gewerbeordnung: www.ris.bka.gv.at<br>Gewerbebeh\u00f6rde: Bezirkshauptmannschaft St. P\u00f6lten, Fachgebiet Gewerberecht<br>Berufsbezeichnung: Humanenergetikerin, Zertifikat \u201eQM Berufliche Sorgfalt HE\u201c<br>Gewerbelaut: Hilfestellung zur Erreichung der k\u00f6rperlichen bzw. energetischen Ausgewogenheit mittels [\u2026] Cranio Sacal Balancing [\u2026]<br>Medieninhaber: Barbara W\u00f6rz, 3021 Pressbaum<br>Copyright: Die Weiterverwendung von Inhalten der Website (Texte, Fotos, etc.) ist ohne Genehmigung der Eigent\u00fcmerin nicht gestattet.<br><\/p>\n\n\n<div class=\"wp-block-image\">\n<figure class=\"alignright size-full\"><img loading=\"lazy\" decoding=\"async\" width=\"213\" height=\"250\" src=\"https:\/\/www.zentrum-im-sein.at\/wp-content\/uploads\/2024\/04\/qmbs-he-plakette-stand210215-g4-213x250-1.png\" alt=\"\" class=\"wp-image-621\"\/><\/figure>\n<\/div>","protected":false},"excerpt":{"rendered":"<p>Zentrum im Sein Craniosacrale K\u00f6rperarbeitSystemische Naturtherapieprozess- und k\u00f6rperorientierte Energiearbeit Barbara W\u00f6rzT: +43(0)699\/ 81228765@: office(at)zentrum-im-sein.atHP: www.zentrum-im-sein.at Orte Praxis HaitzawinkelHaitzawinkel 11c\/13021 Pressbaum Praxis GrandeLindengasse 63\/St.3\/1. Stock1070 Wien Suveda InstitutRechte Wienzeile 45\/2\/131050 Wien Gearbeitet wird au\u00dferdem in unterschiedlichen Naturr\u00e4umen.Hausbesuche sind nach Vereinbarung m\u00f6glich. Impressum Barbara W\u00f6rzZentrum im SeinSystemische NaturtherapieCranio Sacrale K\u00f6rperarbeit Ein-Personen-UnternehmenMitglied der WK\u00d6, WKN\u00d6, pers\u00f6nliche DienstleisterBerufsrecht: Gewerbeordnung: &hellip; <\/p>\n<p class=\"link-more\"><a href=\"https:\/\/www.zentrum-im-sein.at\/?page_id=12\" class=\"more-link\"><span class=\"screen-reader-text\">\u201eKontakt     Impressum\u201c<\/span> weiterlesen<\/a><\/p>\n","protected":false},"author":1,"featured_media":0,"parent":0,"menu_order":0,"comment_status":"closed","ping_status":"closed","template":"","meta":{"footnotes":""},"class_list":["post-12","page","type-page","status-publish","hentry"],"_links":{"self":[{"href":"https:\/\/www.zentrum-im-sein.at\/index.php?rest_route=\/wp\/v2\/pages\/12","targetHints":{"allow":["GET"]}}],"collection":[{"href":"https:\/\/www.zentrum-im-sein.at\/index.php?rest_route=\/wp\/v2\/pages"}],"about":[{"href":"https:\/\/www.zentrum-im-sein.at\/index.php?rest_route=\/wp\/v2\/types\/page"}],"author":[{"embeddable":true,"href":"https:\/\/www.zentrum-im-sein.at\/index.php?rest_route=\/wp\/v2\/users\/1"}],"replies":[{"embeddable":true,"href":"https:\/\/www.zentrum-im-sein.at\/index.php?rest_route=%2Fwp%2Fv2%2Fcomments&post=12"}],"version-history":[{"count":21,"href":"https:\/\/www.zentrum-im-sein.at\/index.php?rest_route=\/wp\/v2\/pages\/12\/revisions"}],"predecessor-version":[{"id":905,"href":"https:\/\/www.zentrum-im-sein.at\/index.php?rest_route=\/wp\/v2\/pages\/12\/revisions\/905"}],"wp:attachment":[{"href":"https:\/\/www.zentrum-im-sein.at\/index.php?rest_route=%2Fwp%2Fv2%2Fmedia&parent=12"}],"curies":[{"name":"wp","href":"https:\/\/api.w.org\/{rel}","templated":true}]}}