{"id":104,"date":"2024-04-08T11:03:59","date_gmt":"2024-04-08T09:03:59","guid":{"rendered":"https:\/\/www.zentrum-im-sein.at\/?page_id=104"},"modified":"2024-12-28T18:02:56","modified_gmt":"2024-12-28T17:02:56","slug":"ueber-mich","status":"publish","type":"page","link":"https:\/\/www.zentrum-im-sein.at\/?page_id=104","title":{"rendered":"\u00fcber mich"},"content":{"rendered":"\n<p class=\"wp-block-paragraph\">Das Leben ist st\u00e4ndiges Werden und Vergehen, kreativ, vielschichtig, gleichzeitig.<br>So d\u00fcrfen all die gemachten Erfahrungen in Ausbildungen, Jobs, dem Leben zu allen Zeiten nun zusammenflie\u00dfen und in einem neuen \u201eGef\u00e4\u00df\u201c Platz nehmen:<\/p>\n\n\n\n<p class=\"wp-block-paragraph\">Aus &#8222;du bist das Meer&#8220; wurde &#8222;Zentrum im Sein&#8220;.<br>Auf der nach wie vor bestehenden Homepage <a href=\"http:\/\/www.du-bist-das-meer.at\">du bist das Meer<\/a> finden sich Informationen <a href=\"https:\/\/www.du-bist-das-meer.at\/?page_id=9\">\u00fcber mich<\/a>.<\/p>\n\n\n\n<p class=\"wp-block-paragraph\"><\/p>\n","protected":false},"excerpt":{"rendered":"<p>Das Leben ist st\u00e4ndiges Werden und Vergehen, kreativ, vielschichtig, gleichzeitig.So d\u00fcrfen all die gemachten Erfahrungen in Ausbildungen, Jobs, dem Leben zu allen Zeiten nun zusammenflie\u00dfen und in einem neuen \u201eGef\u00e4\u00df\u201c Platz nehmen: Aus &#8222;du bist das Meer&#8220; wurde &#8222;Zentrum im Sein&#8220;.Auf der nach wie vor bestehenden Homepage du bist das Meer finden sich Informationen \u00fcber &hellip; <\/p>\n<p class=\"link-more\"><a href=\"https:\/\/www.zentrum-im-sein.at\/?page_id=104\" class=\"more-link\"><span class=\"screen-reader-text\">\u201e\u00fcber mich\u201c<\/span> weiterlesen<\/a><\/p>\n","protected":false},"author":1,"featured_media":0,"parent":0,"menu_order":0,"comment_status":"closed","ping_status":"closed","template":"","meta":{"footnotes":""},"class_list":["post-104","page","type-page","status-publish","hentry"],"_links":{"self":[{"href":"https:\/\/www.zentrum-im-sein.at\/index.php?rest_route=\/wp\/v2\/pages\/104","targetHints":{"allow":["GET"]}}],"collection":[{"href":"https:\/\/www.zentrum-im-sein.at\/index.php?rest_route=\/wp\/v2\/pages"}],"about":[{"href":"https:\/\/www.zentrum-im-sein.at\/index.php?rest_route=\/wp\/v2\/types\/page"}],"author":[{"embeddable":true,"href":"https:\/\/www.zentrum-im-sein.at\/index.php?rest_route=\/wp\/v2\/users\/1"}],"replies":[{"embeddable":true,"href":"https:\/\/www.zentrum-im-sein.at\/index.php?rest_route=%2Fwp%2Fv2%2Fcomments&post=104"}],"version-history":[{"count":10,"href":"https:\/\/www.zentrum-im-sein.at\/index.php?rest_route=\/wp\/v2\/pages\/104\/revisions"}],"predecessor-version":[{"id":710,"href":"https:\/\/www.zentrum-im-sein.at\/index.php?rest_route=\/wp\/v2\/pages\/104\/revisions\/710"}],"wp:attachment":[{"href":"https:\/\/www.zentrum-im-sein.at\/index.php?rest_route=%2Fwp%2Fv2%2Fmedia&parent=104"}],"curies":[{"name":"wp","href":"https:\/\/api.w.org\/{rel}","templated":true}]}}